{"id":2409,"date":"2020-02-19T16:05:03","date_gmt":"2020-02-19T15:05:03","guid":{"rendered":"http:\/\/dev.livetec.de\/data-protection\/"},"modified":"2025-09-26T11:06:02","modified_gmt":"2025-09-26T09:06:02","slug":"data-protection","status":"publish","type":"page","link":"https:\/\/www.livetec.de\/en\/data-protection\/","title":{"rendered":"Privacy policy"},"content":{"rendered":"<div class=\"wpb-content-wrapper\"><p>[vc_row css=&#8221;.vc_custom_1509351079558{padding-top: 80px !important;padding-bottom: 100px !important;}&#8221; el_id=&#8221;about&#8221;][vc_column][vc_row_inner][vc_column_inner][vc_column_text css=&#8221;&#8221;]<\/p>\n<h2 class=\"p1\"><b>Informationen zum Datenschutz<\/b><\/h2>\n<p class=\"p2\">Hier erl\u00e4utern wir Ihnen, welche Informationen wir \u00fcber Sie erheben, wozu wir sie nutzen, an wen wir diese ggf. weitergeben, wann wir sie l\u00f6schen und welche Rechte Sie haben. Neben der Webseite geht es dabei auch um andere Gesch\u00e4ftsprozesse, z.B. \u201eSie als Bewerber:in\u201c. Au\u00dferdem erl\u00e4utern wir Ihnen Ihre Rechte bez\u00fcglich Ihrer personenbezogenen Daten und nennen Ihnen die Kontaktdaten, unter denen Sie uns ansprechen k\u00f6nnen.<\/p>\n<p>&nbsp;<\/p>\n<h3 class=\"p1\">KONTAKTFORMULAR<\/h3>\n<p class=\"p3\">Treten Sie per E-Mail oder Formular auf der Webseite mit uns in Kontakt, werden die von Ihnen gemachten Angaben nur zum Zwecke der Bearbeitung der Anfrage sowie m\u00f6glicher Anschlussfragen in unserem Mail- und CRM System gespeichert. Wenn hieraus ein Angebot oder Auftrag f\u00fcr Ihre Firma resultiert, werden die Daten in unserer Warenwirtschaft gespeichert.<\/p>\n<p class=\"p3\">Rechtsgrundlagen:<\/p>\n<ul class=\"ul1\">\n<li class=\"li3\">Beantwortung von Anfragen: Artikel 6 (1) b) DSGVO<\/li>\n<li class=\"li2\">Vertragsanbahnung mit Firmenkunden und Lieferanten: Artikel 6 (1) f) DSGVO<\/li>\n<\/ul>\n<p>&nbsp;<\/p>\n<h3 class=\"p1\"><a href=\"https:\/\/www.facebook.com\/help\/contact\/367438723733209\">WEBSEITE<\/a><\/h3>\n<p class=\"p3\">Unsere Webseite wird \u00fcber verschl\u00fcsselte Verbindungen bereitgestellt. Sie dient uns zur Werbung und Ihnen zur Information und zur Kontaktaufnahme. Einzelne erweiterte Funktionen wie Dateiupload und Sprachauswahl setzen Cookies und JavaScript voraus.<\/p>\n<p class=\"p3\"><a href=\"https:\/\/tools.google.com\/dlpage\/gaoptout?hl=de\"><b>Ordnungsgem\u00e4\u00dfer Betrieb<\/b><\/a><\/p>\n<p class=\"p3\">Wenn Sie unsere Webseiten aufrufen, protokolliert der Webserver dazu den Zugriffszeitpunkt und die IP-Adresse Ihres Endger\u00e4ts sowie ggf. von Ihrem Browser \u00fcbermittelte Daten. Nur Ihr Internet-Anbieter kann aus Zeitpunkt und IP-Adresse auf Ihren Anschluss und damit ggfs. auf Ihre Person schlie\u00dfen. Wir versuchen nicht, diese Beziehung herzustellen und nutzen die Protokolle nur, um die ordnungsgem\u00e4\u00dfe Funktion unseres Webservers zu \u00fcberwachen und ggfs. Angriffe nachzuvollziehen. Protokolldateien werden 8 Wochen lang aufbewahrt und dann automatisiert gel\u00f6scht. Zugriff hierauf haben nur unsere IT-Abteilung und der externe Dienstleister f\u00fcr das Hosting der Webseite, mit dem wir einen Vertrag zur Auftragsverarbeitung abgeschlossen haben.<\/p>\n<p class=\"p3\">Rechtsgrundlagen:<\/p>\n<ul class=\"ul1\">\n<li class=\"li3\">\u00dcberwachung und Steuerung des Webserverbetriebs: Artikel 6 (1) f) DSGVO<\/li>\n<\/ul>\n<p class=\"p3\"><b>Formulare<\/b><\/p>\n<p class=\"p3\">Je nach Formular erheben wir unterschiedliche Daten. Dort benennen wir auch den jeweiligen Zweck (weitere Informationen siehe \u2192 Kontaktformular, \u2192 Bewerbungen).<\/p>\n<p class=\"p3\"><b>Nutzungsanalyse<\/b><\/p>\n<p class=\"p3\">Wir werten die Besucherzugriffe auf unserer Webseite nicht aus. Daher m\u00fcssen wir hierf\u00fcr auch keine personenbezogenen Daten von Ihnen verarbeiten.<\/p>\n<p class=\"p3\"><b>Karten<\/b><\/p>\n<p class=\"p3\">Wir binden keine interaktiven Karten von Drittanbietern ein. Unter \u201eKontakt\u201c, sowie unter \u201eStandort &amp; Anfahrt\u201c finden Sie jeweils einen Link zur Kartenansicht unserer Firmenadresse auf OpenStreetMap. F\u00fcr die Verarbeitung der personenbezogenen Daten auf dieser Webseite ist die OpenStreepMap Foundation selbst verantwortlich. Die Datenschutzhinweise der OpenStreetMap Foundation finden Sie unter <a href=\"https:\/\/wiki.osmfoundation.org\/wiki\/Privacy_Policy\"><span class=\"s2\">https:\/\/wiki.osmfoundation.org\/wiki\/Privacy_Policy<\/span><\/a>.<\/p>\n<p class=\"p3\"><b>Videos<\/b><\/p>\n<p class=\"p2\">Wir nutzen f\u00fcr die Bereitstellung unserer Videos das Angebot von Vimeo, einem Drittanbieter. Wir binden diese Videos nicht auf unserer Webseite ein. Wenn Sie ein Video anklicken, wechseln Sie auf die Seiten von Vimeo. Vimeo ist ein US-amerikanisches Unternehmen und verarbeitet personenbezogene Daten zu eigenen Zwecken. Weitere Informationen zur Verarbeitung der personenbezogenen Daten bei Vimeo finden Sie in deren Datenschutzhinweisen unter <a href=\"https:\/\/vimeo.com\/privacy\"><span class=\"s2\">https:\/\/vimeo.com\/privacy<\/span><\/a>.<\/p>\n<p>&nbsp;<\/p>\n<h3 class=\"p1\">SOZIALE MEDIEN<\/h3>\n<p class=\"p3\"><b>LinkedIn<\/b><\/p>\n<p class=\"p3\">\u00dcber unsere LinkedIn-Pr\u00e4senz teilen wir Neuigkeiten direkt im Sozialen Netzwerk mit.<\/p>\n<p class=\"p3\">LinkedIn weist in seiner <a href=\"https:\/\/www.linkedin.com\/legal\/privacy-policy\"><span class=\"s2\">Datenschutzerkl\u00e4rung<\/span><\/a> darauf hin, dass durch Nutzung der LinkedIn-Dienste Ihre personenbezogenen Daten vom Betreiber der Plattform auch in den USA<span class=\"s3\"><sup>1 <\/sup><\/span>verarbeitet werden. LinkedIn hat zudem Auftragnehmer in Drittstaaten mit der Verarbeitung personenbezogener Daten betraut. Eine Aufstellung der Auftragnehmer von LinkedIn finden Sie hier: <a href=\"https:\/\/www.linkedin.com\/legal\/l\/customer-subprocessors\"><span class=\"s2\">https:\/\/www.linkedin.com\/legal\/l\/customer-subprocessors<\/span><\/a>.<\/p>\n<p class=\"p3\">LinkedIn erstellt Profile aller Besucher:innen der Plattform und nutzt diese f\u00fcr Marktforschungsprojekte und um personalisierte Werbung (auch im Auftrag von Dritten) bereitzustellen.<\/p>\n<p class=\"p3\">Als \u201eBetreiber\u201c der LinkedIn-Pr\u00e4senz sind wir mitverantwortlich (da wir uns entschieden haben dort pr\u00e4sent zu sein), haben aber keinen Einfluss auf die Verarbeitung durch LinkedIn selbst.<\/p>\n<p class=\"p3\">Wir nutzen aggregierte Daten, die LinkedIn uns zur Verf\u00fcgung stellt, um Informationen \u00fcber die Nutzung unserer Inhalte zu erhalten (z.B. Analysedaten zu Besuchern, Updates, Followern etc.). Damit k\u00f6nnen wir gezielt interessenbasierte Werbung schalten und relevante Inhalte bereitstellen. Die erhaltenen Daten k\u00f6nnen wir keinen bestimmten Besucher:innen unserer LinkedIn-Pr\u00e4senz zuordnen.<\/p>\n<p class=\"p3\">Wir haben keinen Zugang zu den zugrundliegenden Daten von LinkedIn. Wir nutzen die Kommunikationsinhalte aus der Plattform und die von LinkedIn bereitgestellten Daten nicht anderweitig, f\u00fchren sie nicht mit anderen Daten zusammen und geben sie nicht an Dritte weiter.<\/p>\n<p class=\"p3\">Der Verarbeitung durch LinkedIn k\u00f6nnen Sie <a href=\"https:\/\/www.linkedin.com\/psettings\/guest-controls\/retargeting-opt-out\"><span class=\"s2\">hier<\/span><\/a> widersprechen. Weitere Einstellungen k\u00f6nnen Sie \u00fcber das <a href=\"https:\/\/www.linkedin.com\/help\/linkedin\/answer\/a1338610\/widerspruch-gegen-die-datenverarbeitung-einschrankung-der-datenverarbeitung?lang=de\"><span class=\"s2\">Formular zum Widerspruch<\/span><\/a> vornehmen.<\/p>\n<p class=\"p3\">Rechtsgrundlagen:<\/p>\n<ul class=\"ul1\">\n<li class=\"li2\">Pr\u00e4sentation und Kommunikation mit Plattform-Nutzenden, Optimierung unserer LinkedIn-Pr\u00e4senz: Artikel 6 (1) f) DSGVO<\/li>\n<\/ul>\n<p>&nbsp;<\/p>\n<h3 class=\"p1\">BEWERBUNG<\/h3>\n<p class=\"p3\">Wenn Sie sich bei uns bewerben, ben\u00f6tigen wir Ihre Kontaktdaten und Bewerbungsunterlagen. Wir verwenden diese zusammen mit unseren Notizen nur f\u00fcr unsere Bewerberauswahl. Diese Daten sind nur der Personalabteilung, Ihren m\u00f6glichen zuk\u00fcnftigen Vorgesetzten und der Gesch\u00e4ftsleitung zug\u00e4nglich.<\/p>\n<p class=\"p3\">Bei Einstellung \u00fcbernehmen wir Ihre Unterlagen und unsere Notizen in die Personalakte, ansonsten vernichten wir Ihre Unterlagen nach sp\u00e4testens 6, unsere Notizen nach sp\u00e4testens 12 Monaten. Abgelehnte Bewerbungen f\u00fchren wir f\u00fcr f\u00fcnf Jahre in einer \u00dcbersichtsliste.<\/p>\n<p class=\"p3\">Wenn Sie sich \u00fcber Bewerbungsportale (Stepstone, Xing, LinkedIn, etc.) bewerben, erhalten wir Ihre Daten, sofern Sie diese an uns \u00fcbermitteln oder zum Abruf hinterlegen. Informationen zu deren Datenverarbeitung erhalten Sie im Bewerbungsportal.<\/p>\n<p class=\"p3\">Rechtsgrundlagen:<\/p>\n<ul class=\"ul1\">\n<li class=\"li2\">Bewerberauswahl: Artikel 6 (1) b) DSGVO<\/li>\n<\/ul>\n<p>&nbsp;<\/p>\n<h3 class=\"p1\">IHRE RECHTE<\/h3>\n<p class=\"p3\">Bez\u00fcglich der Sie betreffenden personenbezogenen Daten haben Sie ein Recht auf Auskunft und Berichtigung. Sie k\u00f6nnen jederzeit formlos der auf berechtigtem Interesse basierenden Verarbeitung widersprechen. Wir pr\u00fcfen dann, ob wir dem Widerspruch nachkommen k\u00f6nnen. Dies ist dann nicht der Fall, wenn wir schutzw\u00fcrdige Gr\u00fcnde nachweisen, die Ihre Interessen \u00fcberwiegen, z.B. wenn die Datenverarbeitung der Geltendmachung von Rechtsanspr\u00fcchen oder der Verteidigung gegen Rechtsanspr\u00fcche dient. Au\u00dferdem k\u00f6nnen Sie die Einschr\u00e4nkung der Verarbeitung oder L\u00f6schung Ihrer Daten fordern, sowie sich bei der Datenschutz-Aufsichtsbeh\u00f6rde beschweren.<\/p>\n<p class=\"p3\"><b>Kontakt<\/b><\/p>\n<p class=\"p3\">Haben wir etwas nicht verst\u00e4ndlich erkl\u00e4rt? Dann sprechen Sie uns bitte einfach an:<\/p>\n<p class=\"p3\"><b>livetec Ingenieurb\u00fcro GmbH<\/b><br \/>\nWiesentalstr. 74, 79539 L\u00f6rrach<br \/>\ndatenschutz@livetec.de, +49 (0)7621 \u2013 16189621<\/p>\n<p class=\"p3\">Ihre E-Mails an diese Adresse gehen an unser Datenschutzteam, dem der Datenschutzbeauftragte angeh\u00f6rt. Wir melden uns unverz\u00fcglich bei Ihnen.<\/p>\n<p class=\"p3\">Sie k\u00f6nnen sich auch direkt <a href=\"https:\/\/www.bfdi.bund.de\/DE\/Infothek\/Anschriften_Links\/anschriften_links-node.html\"><span class=\"s2\">bei der Aufsicht beschweren<\/span><\/a>. F\u00fcr uns zust\u00e4ndig ist:<\/p>\n<p class=\"p4\"><span class=\"s4\"><a href=\"https:\/\/www.service-bw.de\/web\/guest\/prozessstart\/-\/prozessstart\/m40169.datenschutzbeschwerde\/\">Der Landesbeauftragte f\u00fcr den Datenschutz und die Informationsfreiheit Baden-W\u00fcrttemberg<\/a><\/span><span class=\"s5\"><br \/>\nPostfach 102932, D-70025 Stuttgart<br \/>\n<a href=\"mailto:poststelle@lfd.bwl.de\"><span class=\"s2\">poststelle@lfd.bwl.de<\/span><\/a>, +49 (0)711 6155410<\/span><\/p>\n<p class=\"p3\"><span class=\"s3\"><sup>1<\/sup><\/span> Die EU-Kommission hat mit den USA das \u201eEU-U.S. Data Privacy Framework\u201c (DPF) vereinbart. Die hier genannte Firma hat sich dazu verpflichtet, die Prinzipien des DPF einzuhalten und dadurch die Ihnen nach EU-Recht zustehenden Rechte aus der DSGVO einzuhalten.<\/p>\n<p>[\/vc_column_text][vc_empty_space height=&#8221;25px&#8221;][\/vc_column_inner][\/vc_row_inner][\/vc_column][\/vc_row]<\/p>\n<\/div>","protected":false},"excerpt":{"rendered":"<p>[vc_row css=&#8221;.vc_custom_1509351079558{padding-top: 80px !important;padding-bottom: 100px !important;}&#8221; el_id=&#8221;about&#8221;][vc_column][vc_row_inner][vc_column_inner][vc_column_text css=&#8221;&#8221;] Informationen zum Datenschutz Hier erl\u00e4utern wir Ihnen, welche Informationen wir \u00fcber Sie erheben, wozu wir sie nutzen, an wen wir diese ggf. weitergeben, wann wir sie l\u00f6schen und welche Rechte Sie haben. Neben der Webseite geht es dabei auch um andere Gesch\u00e4ftsprozesse, z.B. \u201eSie als Bewerber:in\u201c. Au\u00dferdem&hellip;<\/p>\n","protected":false},"author":1,"featured_media":0,"parent":0,"menu_order":0,"comment_status":"closed","ping_status":"closed","template":"","meta":{"footnotes":"","_links_to":"","_links_to_target":""},"class_list":["post-2409","page","type-page","status-publish","hentry","description-off"],"yoast_head":"<!-- This site is optimized with the Yoast SEO plugin v27.3 - https:\/\/yoast.com\/product\/yoast-seo-wordpress\/ -->\n<title>Privacy policy - livetec<\/title>\n<meta name=\"robots\" content=\"index, follow, max-snippet:-1, max-image-preview:large, max-video-preview:-1\" \/>\n<link rel=\"canonical\" href=\"https:\/\/www.livetec.de\/en\/data-protection\/\" \/>\n<meta property=\"og:locale\" content=\"en_US\" \/>\n<meta property=\"og:type\" content=\"article\" \/>\n<meta property=\"og:title\" content=\"Privacy policy - livetec\" \/>\n<meta property=\"og:description\" content=\"[vc_row css=&#8221;.vc_custom_1509351079558{padding-top: 80px !important;padding-bottom: 100px !important;}&#8221; el_id=&#8221;about&#8221;][vc_column][vc_row_inner][vc_column_inner][vc_column_text css=&#8221;&#8221;] Informationen zum Datenschutz Hier erl\u00e4utern wir Ihnen, welche Informationen wir \u00fcber Sie erheben, wozu wir sie nutzen, an wen wir diese ggf. weitergeben, wann wir sie l\u00f6schen und welche Rechte Sie haben. Neben der Webseite geht es dabei auch um andere Gesch\u00e4ftsprozesse, z.B. \u201eSie als Bewerber:in\u201c. Au\u00dferdem&hellip;\" \/>\n<meta property=\"og:url\" content=\"https:\/\/www.livetec.de\/en\/data-protection\/\" \/>\n<meta property=\"og:site_name\" content=\"livetec\" \/>\n<meta property=\"article:modified_time\" content=\"2025-09-26T09:06:02+00:00\" \/>\n<meta name=\"twitter:card\" content=\"summary_large_image\" \/>\n<meta name=\"twitter:label1\" content=\"Est. reading time\" \/>\n\t<meta name=\"twitter:data1\" content=\"6 minutes\" \/>\n<script type=\"application\/ld+json\" class=\"yoast-schema-graph\">{\"@context\":\"https:\\\/\\\/schema.org\",\"@graph\":[{\"@type\":\"WebPage\",\"@id\":\"https:\\\/\\\/www.livetec.de\\\/en\\\/data-protection\\\/\",\"url\":\"https:\\\/\\\/www.livetec.de\\\/en\\\/data-protection\\\/\",\"name\":\"Privacy policy - livetec\",\"isPartOf\":{\"@id\":\"https:\\\/\\\/www.livetec.de\\\/en\\\/#website\"},\"datePublished\":\"2020-02-19T15:05:03+00:00\",\"dateModified\":\"2025-09-26T09:06:02+00:00\",\"breadcrumb\":{\"@id\":\"https:\\\/\\\/www.livetec.de\\\/en\\\/data-protection\\\/#breadcrumb\"},\"inLanguage\":\"en-US\",\"potentialAction\":[{\"@type\":\"ReadAction\",\"target\":[\"https:\\\/\\\/www.livetec.de\\\/en\\\/data-protection\\\/\"]}]},{\"@type\":\"BreadcrumbList\",\"@id\":\"https:\\\/\\\/www.livetec.de\\\/en\\\/data-protection\\\/#breadcrumb\",\"itemListElement\":[{\"@type\":\"ListItem\",\"position\":1,\"name\":\"Startseite\",\"item\":\"https:\\\/\\\/www.livetec.de\\\/en\\\/\"},{\"@type\":\"ListItem\",\"position\":2,\"name\":\"Privacy policy\"}]},{\"@type\":\"WebSite\",\"@id\":\"https:\\\/\\\/www.livetec.de\\\/en\\\/#website\",\"url\":\"https:\\\/\\\/www.livetec.de\\\/en\\\/\",\"name\":\"livetec\",\"description\":\"living technology\",\"potentialAction\":[{\"@type\":\"SearchAction\",\"target\":{\"@type\":\"EntryPoint\",\"urlTemplate\":\"https:\\\/\\\/www.livetec.de\\\/en\\\/?s={search_term_string}\"},\"query-input\":{\"@type\":\"PropertyValueSpecification\",\"valueRequired\":true,\"valueName\":\"search_term_string\"}}],\"inLanguage\":\"en-US\"}]}<\/script>\n<!-- \/ Yoast SEO plugin. -->","yoast_head_json":{"title":"Privacy policy - livetec","robots":{"index":"index","follow":"follow","max-snippet":"max-snippet:-1","max-image-preview":"max-image-preview:large","max-video-preview":"max-video-preview:-1"},"canonical":"https:\/\/www.livetec.de\/en\/data-protection\/","og_locale":"en_US","og_type":"article","og_title":"Privacy policy - livetec","og_description":"[vc_row css=&#8221;.vc_custom_1509351079558{padding-top: 80px !important;padding-bottom: 100px !important;}&#8221; el_id=&#8221;about&#8221;][vc_column][vc_row_inner][vc_column_inner][vc_column_text css=&#8221;&#8221;] Informationen zum Datenschutz Hier erl\u00e4utern wir Ihnen, welche Informationen wir \u00fcber Sie erheben, wozu wir sie nutzen, an wen wir diese ggf. weitergeben, wann wir sie l\u00f6schen und welche Rechte Sie haben. Neben der Webseite geht es dabei auch um andere Gesch\u00e4ftsprozesse, z.B. \u201eSie als Bewerber:in\u201c. Au\u00dferdem&hellip;","og_url":"https:\/\/www.livetec.de\/en\/data-protection\/","og_site_name":"livetec","article_modified_time":"2025-09-26T09:06:02+00:00","twitter_card":"summary_large_image","twitter_misc":{"Est. reading time":"6 minutes"},"schema":{"@context":"https:\/\/schema.org","@graph":[{"@type":"WebPage","@id":"https:\/\/www.livetec.de\/en\/data-protection\/","url":"https:\/\/www.livetec.de\/en\/data-protection\/","name":"Privacy policy - livetec","isPartOf":{"@id":"https:\/\/www.livetec.de\/en\/#website"},"datePublished":"2020-02-19T15:05:03+00:00","dateModified":"2025-09-26T09:06:02+00:00","breadcrumb":{"@id":"https:\/\/www.livetec.de\/en\/data-protection\/#breadcrumb"},"inLanguage":"en-US","potentialAction":[{"@type":"ReadAction","target":["https:\/\/www.livetec.de\/en\/data-protection\/"]}]},{"@type":"BreadcrumbList","@id":"https:\/\/www.livetec.de\/en\/data-protection\/#breadcrumb","itemListElement":[{"@type":"ListItem","position":1,"name":"Startseite","item":"https:\/\/www.livetec.de\/en\/"},{"@type":"ListItem","position":2,"name":"Privacy policy"}]},{"@type":"WebSite","@id":"https:\/\/www.livetec.de\/en\/#website","url":"https:\/\/www.livetec.de\/en\/","name":"livetec","description":"living technology","potentialAction":[{"@type":"SearchAction","target":{"@type":"EntryPoint","urlTemplate":"https:\/\/www.livetec.de\/en\/?s={search_term_string}"},"query-input":{"@type":"PropertyValueSpecification","valueRequired":true,"valueName":"search_term_string"}}],"inLanguage":"en-US"}]}},"_links":{"self":[{"href":"https:\/\/www.livetec.de\/en\/wp-json\/wp\/v2\/pages\/2409","targetHints":{"allow":["GET"]}}],"collection":[{"href":"https:\/\/www.livetec.de\/en\/wp-json\/wp\/v2\/pages"}],"about":[{"href":"https:\/\/www.livetec.de\/en\/wp-json\/wp\/v2\/types\/page"}],"author":[{"embeddable":true,"href":"https:\/\/www.livetec.de\/en\/wp-json\/wp\/v2\/users\/1"}],"replies":[{"embeddable":true,"href":"https:\/\/www.livetec.de\/en\/wp-json\/wp\/v2\/comments?post=2409"}],"version-history":[{"count":7,"href":"https:\/\/www.livetec.de\/en\/wp-json\/wp\/v2\/pages\/2409\/revisions"}],"predecessor-version":[{"id":3720,"href":"https:\/\/www.livetec.de\/en\/wp-json\/wp\/v2\/pages\/2409\/revisions\/3720"}],"wp:attachment":[{"href":"https:\/\/www.livetec.de\/en\/wp-json\/wp\/v2\/media?parent=2409"}],"curies":[{"name":"wp","href":"https:\/\/api.w.org\/{rel}","templated":true}]}}